{"id":4422,"date":"2023-09-28T14:43:50","date_gmt":"2023-09-28T18:43:50","guid":{"rendered":"https:\/\/donnerbookprize.com\/?page_id=4422"},"modified":"2024-04-25T12:05:16","modified_gmt":"2024-04-25T16:05:16","slug":"2023-donner-jury","status":"publish","type":"page","link":"https:\/\/donnerbookprize.com\/francais\/about\/2023-donner-jury\/","title":{"rendered":"2023 Donner Jury"},"content":{"rendered":"<div class=\"wp-block-columns is-layout-flex wp-container-core-columns-is-layout-9d6595d7 wp-block-columns-is-layout-flex\">\n<div class=\"wp-block-column is-layout-flow wp-block-column-is-layout-flow\"><div class=\"wp-block-image custom8c\">\n<figure class=\"alignleft size-large\"><img loading=\"lazy\" decoding=\"async\" width=\"309\" height=\"265\" src=\"https:\/\/donnerbookprize.com\/wp-content\/uploads\/2021\/09\/LouiseFrechette_309x265.jpg\" alt=\"\" class=\"wp-image-3879\" srcset=\"https:\/\/donnerbookprize.com\/wp-content\/uploads\/2021\/09\/LouiseFrechette_309x265.jpg 309w, https:\/\/donnerbookprize.com\/wp-content\/uploads\/2021\/09\/LouiseFrechette_309x265-300x257.jpg 300w\" sizes=\"auto, (max-width: 309px) 100vw, 309px\" \/><\/figure><\/div>\n\n\n<h2 class=\"wp-block-heading has-text-align-left\"><strong>Louise Frechette<\/strong><\/h2>\n\n\n\n<h4 style=\"text-align:left;\">Pr\u00e9sidente<\/h4>\n\n\n\n<p class=\"custom7 translation-block\"><strong>Louise Fr\u00e9chette<\/strong> a occup\u00e9 le poste de sous-secr\u00e9taire g\u00e9n\u00e9rale des Nations Unies de 1998 \u00e0 2006 \u00e0 la suite d\u2019une carri\u00e8re dans le service public du Canada, ayant \u00e9t\u00e9 notamment ambassadrice en Argentine et en Uruguay (1985-1988), ambassadrice aux Nations Unies (1992-1994), sous-ministre adjointe des Finances (1995) et sous-ministre de la D\u00e9fense nationale (1995-1998). \n<br><br>\nDepuis son d\u00e9part de l\u2019ONU en 2006, Mme Fr\u00e9chette a \u00e9t\u00e9 associ\u00e9e \u00e0 de nombreux \u00e9tablissements universitaires et de recherche au Canada et \u00e0 l\u2019\u00e9tranger. En juin 2019, Mme Fr\u00e9chette a conclu son mandat de trois ans \u00e0 titre de pr\u00e9sidente du conseil de surveillance et du conseil de CARE International apr\u00e8s avoir si\u00e9g\u00e9 comme pr\u00e9sidente de CARE Canada de 2011 \u00e0 2015. Elle est actuellement membre du conseil de la Global Leadership Foundation.\n<br><br>\nLouise Fr\u00e9chette est dipl\u00f4m\u00e9e en histoire de l\u2019Universit\u00e9 de Montr\u00e9al et titulaire d\u2019un certificat en \u00e9conomie du Coll\u00e8ge d\u2019Europe \u00e0 Bruges, en Belgique. Elle est offici\u00e8re de l\u2019Ordre du Canada.<\/p>\n\n\n\n<hr class=\"wp-block-separator has-css-opacity is-style-wide\"\/>\n<\/div>\n<\/div>\n\n\n\n<div class=\"wp-block-columns is-layout-flex wp-container-core-columns-is-layout-9d6595d7 wp-block-columns-is-layout-flex\">\n<div class=\"wp-block-column is-layout-flow wp-block-column-is-layout-flow\"><div class=\"wp-block-image custom8c\">\n<figure class=\"alignleft size-medium\"><img loading=\"lazy\" decoding=\"async\" width=\"300\" height=\"232\" src=\"https:\/\/donnerbookprize.com\/wp-content\/uploads\/2023\/09\/Neil-Desai-Headshot-with-Tie-300x232.jpg\" alt=\"\" class=\"wp-image-4425\" srcset=\"https:\/\/donnerbookprize.com\/wp-content\/uploads\/2023\/09\/Neil-Desai-Headshot-with-Tie-300x232.jpg 300w, https:\/\/donnerbookprize.com\/wp-content\/uploads\/2023\/09\/Neil-Desai-Headshot-with-Tie-1024x791.jpg 1024w, https:\/\/donnerbookprize.com\/wp-content\/uploads\/2023\/09\/Neil-Desai-Headshot-with-Tie-768x593.jpg 768w, https:\/\/donnerbookprize.com\/wp-content\/uploads\/2023\/09\/Neil-Desai-Headshot-with-Tie-1536x1187.jpg 1536w, https:\/\/donnerbookprize.com\/wp-content\/uploads\/2023\/09\/Neil-Desai-Headshot-with-Tie-2048x1583.jpg 2048w, https:\/\/donnerbookprize.com\/wp-content\/uploads\/2023\/09\/Neil-Desai-Headshot-with-Tie-16x12.jpg 16w\" sizes=\"auto, (max-width: 300px) 100vw, 300px\" \/><\/figure><\/div>\n\n\n<h2 class=\"wp-block-heading has-text-align-left\">Neil Desai<\/h2>\n\n\n\n<p class=\"custom7 translation-block\"><strong>Neil Desai<\/strong> est vice-pr\u00e9sident \u00e0 la direction chez Viral Nation, o\u00f9 il est sp\u00e9cialis\u00e9 dans la commercialisation des solutions technologiques de l\u2019entreprise aupr\u00e8s de clients en entreprise et au sein du gouvernement.<br><br>\n\nM. Desai est agr\u00e9g\u00e9 sup\u00e9rieur de recherches pour le Centre pour l\u2019innovation dans la gouvernance internationale et entrepreneur en r\u00e9sidence pour Rogers Cyber Catalyst. Il apporte des contributions r\u00e9guli\u00e8res aux r\u00e9seaux de nouvelles du Globe and Mail et de la Soci\u00e9t\u00e9 Radio-Canada (Canadian Broadcasting Corporation, CBC). Neil Desai fait \u00e9galement partie du Conseil d\u2019administration du Forum des politiques publiques, de la Commission des alcools et des jeux de l\u2019Ontario, du Collectif d\u2019actifs en innovation (CAI), de ClearRisk Inc. et il a \u00e9t\u00e9 directeur de YMCA Canada. Il a par le pass\u00e9 occup\u00e9 des postes de direction au sein du gouvernement du Canada, pour Affaires mondiales Canada et pour le Cabinet du Premier ministre.<br><br>\n\nAvant de travailler pour Viral Nation, il faisait partie de l\u2019\u00e9quipe de direction de Magnet Forensics, une entreprise technologique qui d\u00e9veloppe des solutions d\u2019investigation num\u00e9rique utilis\u00e9es par plus de 4 000 organismes de police et de s\u00e9curit\u00e9 nationale et organismes publics et priv\u00e9s dans plus de 100 pays pour enqu\u00eater sur des crimes tels que la traite d\u2019\u00eatres humains, l\u2019exploitation de mineurs, le terrorisme et le d\u00e9veloppement de ran\u00e7ongiciels.<\/p>\n\n\n\n<hr class=\"wp-block-separator has-css-opacity is-style-wide\"\/>\n<\/div>\n<\/div>\n\n\n\n<div class=\"wp-block-columns is-layout-flex wp-container-core-columns-is-layout-9d6595d7 wp-block-columns-is-layout-flex\">\n<div class=\"wp-block-column is-layout-flow wp-block-column-is-layout-flow\"><div class=\"wp-block-image custom8c\">\n<figure class=\"alignleft size-full\"><img loading=\"lazy\" decoding=\"async\" width=\"300\" height=\"300\" src=\"https:\/\/donnerbookprize.com\/wp-content\/uploads\/2022\/11\/Jack-Mintz_resize-1.jpg\" alt=\"\" class=\"wp-image-4232\" srcset=\"https:\/\/donnerbookprize.com\/wp-content\/uploads\/2022\/11\/Jack-Mintz_resize-1.jpg 300w, https:\/\/donnerbookprize.com\/wp-content\/uploads\/2022\/11\/Jack-Mintz_resize-1-150x150.jpg 150w, https:\/\/donnerbookprize.com\/wp-content\/uploads\/2022\/11\/Jack-Mintz_resize-1-12x12.jpg 12w\" sizes=\"auto, (max-width: 300px) 100vw, 300px\" \/><\/figure><\/div>\n\n\n<h2 class=\"wp-block-heading has-text-align-left\">Jack M. Mintz<\/h2>\n\n\n\n<p class=\"custom7\"><strong>Jack M. Mintz<\/strong> a \u00e9t\u00e9 nomm\u00e9 President\u2019s Fellow de la School of Public Policy de\nl\u2019University of Calgary, apr\u00e8s avoir \u00e9t\u00e9 directeur fondateur de cette \u00e9cole et titulairede la chaire Palmer du 1er janvier 2008 au 30 juin 2015.Il si\u00e8ge au conseil d\u2019administration de la Compagnie P\u00e9troli\u00e8re Imp\u00e9riale Lt\u00e9e et estagr\u00e9g\u00e9 sup\u00e9rieur de recherches aupr\u00e8s de nombreux groupes de r\u00e9flexion, dont\nl\u2019Institut C. D. Howe, l\u2019Institut MacDonald-Laurier, CESIfo (Allemagne) etl\u2019International Tax and Investment Centre de Washington.<br><br>Jack Mintz also served on numerous panels and boards at the federal and provincial levels including Vice-President and chair of the Social Sciences and Humanities Research Council 2012-2018. He has consulted widely with the World Bank, the International Monetary Fund, the Organization for Economic Co-operation and Development, federal and provincial governments in Canada, and various businesses and non-profit organizations in Canada and abroad. <br><br>Jack Mintz became a member of the Order of Canada in 2015 as well as receiving the Queen Elizabeth Diamond Jubilee Medal in 2012 for service to the Canadian tax policy community. Jack Mintz\u2019s 2001 book Most Favoured Nation was shortlisted for the Donner Prize<\/p>\n\n\n\n<hr class=\"wp-block-separator has-css-opacity is-style-wide\"\/>\n<\/div>\n<\/div>\n\n\n\n<div class=\"wp-block-columns is-layout-flex wp-container-core-columns-is-layout-9d6595d7 wp-block-columns-is-layout-flex\">\n<div class=\"wp-block-column is-layout-flow wp-block-column-is-layout-flow\"><div class=\"wp-block-image custom8c\">\n<figure class=\"alignleft size-medium\"><img loading=\"lazy\" decoding=\"async\" width=\"300\" height=\"300\" src=\"https:\/\/donnerbookprize.com\/wp-content\/uploads\/2022\/11\/Maureen_ONeil_-_Square.original-300x300.jpg\" alt=\"\" class=\"wp-image-4216\" srcset=\"https:\/\/donnerbookprize.com\/wp-content\/uploads\/2022\/11\/Maureen_ONeil_-_Square.original-300x300.jpg 300w, https:\/\/donnerbookprize.com\/wp-content\/uploads\/2022\/11\/Maureen_ONeil_-_Square.original-150x150.jpg 150w, https:\/\/donnerbookprize.com\/wp-content\/uploads\/2022\/11\/Maureen_ONeil_-_Square.original-768x768.jpg 768w, https:\/\/donnerbookprize.com\/wp-content\/uploads\/2022\/11\/Maureen_ONeil_-_Square.original-12x12.jpg 12w, https:\/\/donnerbookprize.com\/wp-content\/uploads\/2022\/11\/Maureen_ONeil_-_Square.original.jpg 800w\" sizes=\"auto, (max-width: 300px) 100vw, 300px\" \/><\/figure><\/div>\n\n\n<h2 class=\"wp-block-heading has-text-align-left\"><strong>Maureen O\u2019Neil<\/strong><\/h2>\n\n\n\n<p class=\"custom7 translation-block\"><strong>Maureen O\u2019Neil<\/strong> pr\u00e9side le conseil d\u2019administration de WaterAid International et est membre des conseils d\u2019administration du Centre pour l\u2019innovation dans la gouvernance internationale et du Centre d\u2019\u00e9tude des niveaux de vie.  <br><br>  Elle a auparavant si\u00e9g\u00e9 au conseil d\u2019administration de cyberSant\u00e9 Ontario et de la Fondation canadienne pour l\u2019am\u00e9lioration des services de sant\u00e9 (FCASS).  Mme O\u2019Neil a \u00e9t\u00e9 pr\u00e9sidente du conseil d\u2019administration de l\u2019Institut de recherche des Nations Unies pour le d\u00e9veloppement social (UNRISD), de l\u2019Institut international pour l\u2019environnement et le d\u00e9veloppement, de l\u2019Universit\u00e9 Carleton et de l\u2019Initiative Think tank du CRDI. Elle a \u00e9galement repr\u00e9sent\u00e9 le Canada \u00e0 la Commission de la condition de la femme des Nations Unies et \u00e0 des comit\u00e9s de l\u2019Organisation de coop\u00e9ration et de d\u00e9veloppement \u00e9conomiques. <br><br>Elle a \u00e9t\u00e9 membre du Comit\u00e9 de la planification du d\u00e9veloppement des Nations Unies et du conseil d\u2019administration de l\u2019UNRISD.   Mme O\u2019Neil est titulaire de doctorats honorifiques des universit\u00e9s Wilfrid Laurier, Carleton et d\u2019Ottawa.  <br><br>En juin 2011, Mme O\u2019Neil a \u00e9t\u00e9 nomm\u00e9e offici\u00e8re de l\u2019Ordre du Canada dans le secteur de la fonction publique en reconnaissance de sa contribution au d\u00e9veloppement international, \u00e0 l\u2019\u00e9galit\u00e9 des sexes et aux droits de la personne.<\/p>\n\n\n\n<hr class=\"wp-block-separator has-css-opacity is-style-wide\"\/>\n<\/div>\n<\/div>\n\n\n\n<div class=\"wp-block-columns is-layout-flex wp-container-core-columns-is-layout-9d6595d7 wp-block-columns-is-layout-flex\">\n<div class=\"wp-block-column is-layout-flow wp-block-column-is-layout-flow\"><div class=\"wp-block-image custom8c\">\n<figure class=\"alignleft size-full is-resized\"><img loading=\"lazy\" decoding=\"async\" width=\"400\" height=\"362\" src=\"https:\/\/donnerbookprize.com\/wp-content\/uploads\/2023\/04\/Restoule.jpg\" alt=\"\" class=\"wp-image-4342\" style=\"width:300px;height:285px\" srcset=\"https:\/\/donnerbookprize.com\/wp-content\/uploads\/2023\/04\/Restoule.jpg 400w, https:\/\/donnerbookprize.com\/wp-content\/uploads\/2023\/04\/Restoule-300x272.jpg 300w, https:\/\/donnerbookprize.com\/wp-content\/uploads\/2023\/04\/Restoule-13x12.jpg 13w\" sizes=\"auto, (max-width: 400px) 100vw, 400px\" \/><\/figure><\/div>\n\n\n<h2 class=\"wp-block-heading has-text-align-left\">Karen Restoule<\/h2>\n\n\n\n<p class=\"custom7\"><strong>Karen Restoule<\/strong> Karen Restoule est la vice-pr\u00e9sidente de Crestview Strategy, bas\u00e9 \u00e0 Toronto. Elle\nexcelle dans l\u2019art de favoriser la collaboration entre les parties pour rassembler despoints de vue divergents dans le but d\u2019arriver \u00e0 une r\u00e9ussite commune. Elle sesp\u00e9cialise dans la gouvernance organisationnelle, le leadership du changement, laformulation de politiques, et l\u2019engagement des intervenants et des autochtones.\u00a0<br><br>Prior to joining Crestview Strategy, Karen led an environmental consulting firm working with Indigenous communities, building on a prior role supporting First Nations leaders as Director of Justice at Chiefs of Ontario where she advanced innovative policy solutions to legacy challenges. She also co-founded BOLD Realities, to advance the industry-Indigenous relationship. Previously, Karen led the modernization of Ontario\u2019s administrative justice system at Tribunals Ontario.<br><br>Karen is a graduate of the University of Toronto and of the University of Ottawa\u2019s French Common Law Program. She serves on a number of boards, has received awards for her contribution to society, and is a contributor to\u00a0<a href=\"http:\/\/www.thehub.ca\/\">thehub.ca<\/a>. Karen is Ojibwe from Dokis First Nation.<\/p>\n\n\n\n<hr class=\"wp-block-separator has-css-opacity is-style-wide\"\/>\n<\/div>\n<\/div>\n\n\n\n<div class=\"wp-block-columns is-layout-flex wp-container-core-columns-is-layout-9d6595d7 wp-block-columns-is-layout-flex\">\n<div class=\"wp-block-column is-layout-flow wp-block-column-is-layout-flow\"><div class=\"wp-block-image custom8c\">\n<figure class=\"alignleft size-large\"><img loading=\"lazy\" decoding=\"async\" width=\"309\" height=\"265\" src=\"https:\/\/donnerbookprize.com\/wp-content\/uploads\/2021\/09\/FredWien_309x265.jpg\" alt=\"\" class=\"wp-image-3877\" srcset=\"https:\/\/donnerbookprize.com\/wp-content\/uploads\/2021\/09\/FredWien_309x265.jpg 309w, https:\/\/donnerbookprize.com\/wp-content\/uploads\/2021\/09\/FredWien_309x265-300x257.jpg 300w\" sizes=\"auto, (max-width: 309px) 100vw, 309px\" \/><\/figure><\/div>\n\n\n<h2 class=\"wp-block-heading has-text-align-left\">Frederick Wien<\/h2>\n\n\n\n<p class=\"custom7 translation-block\"><strong>Fred Wien<\/strong> a occup\u00e9 le poste de directeur de l\u2019\u00c9cole maritime de travail social \u00e0 l\u2019Universit\u00e9 Dalhousie de 1981 \u00e0 1986, puis a \u00e9t\u00e9 sous-directeur de la recherche \u00e0 la Commission royale sur les peuples autochtones, dirigeant le programme de recherche sur l\u2019emploi et le d\u00e9veloppement \u00e9conomique.<br><br>\nAu plan national, il a \u00e9t\u00e9 membre et tenu le r\u00f4le de pr\u00e9sident de la Commission consultative pour l\u2019Institut de la sant\u00e9 des Autochtones (ISA \/ IRSC). Il a \u00e9t\u00e9 nomm\u00e9 investigateur principal pour une bourse de recherche majeure de l\u2019IRSC pour le projet : \u00ab A Poverty Reduction Approach to Improving the Health and Well-being of First Nation Communities in Canada \u00bb (Une approche \u00e0 la r\u00e9duction de la pauvret\u00e9 visant \u00e0 am\u00e9liorer la sant\u00e9 et le bien-\u00eatre des communaut\u00e9s des Premi\u00e8res Nations au Canada), de m\u00eame que pour un projet financ\u00e9 par l\u2019IRSC portant sur l\u2019\u00e9tablissement d\u2019un cadre de politiques sociales pour la sant\u00e9 et le bien-\u00eatre des communaut\u00e9s Mi\u2019kmaq en Nouvelle-\u00c9cosse (\u00ab Building a Social Policy Framework for the Health and Well-being of Mi\u2019kmaq Communities in Nova Scotia \u00bb).<br><br>\nDipl\u00f4m\u00e9 de l\u2019Universit\u00e9 Queen\u2019s avec une ma\u00eetrise et un doctorat de l\u2019Universit\u00e9 Cornell, M. Wien a \u00e9t\u00e9 nomm\u00e9 Membre de l\u2019Ordre du Canada en 2015.<\/p>\n\n\n\n<hr class=\"wp-block-separator has-css-opacity is-style-wide\"\/>\n<\/div>\n<\/div>\n\n\n\n<div style=\"height:10px\" aria-hidden=\"true\" class=\"wp-block-spacer\"><\/div>\n\n\n\n<div style=\"height:10px\" aria-hidden=\"true\" class=\"wp-block-spacer\"><\/div>","protected":false},"excerpt":{"rendered":"<p>Louise Frechette CHAIR Louise Fr\u00e9chette was the Deputy Secretary-General of the United Nations from 1998 to 2006, following a career in the Public Service of Canada, serving notably as Ambassador to Argentina and Uruguay (1985-1988), Ambassador to the United Nations (1992-1994), Associate Deputy Minister of Finance (1995) and Deputy Minister of National Defence (1995-1998). Since &#8230; <a title=\"2023 Donner Jury\" class=\"read-more\" href=\"https:\/\/donnerbookprize.com\/francais\/about\/2023-donner-jury\/\">Read more<span class=\"screen-reader-text\">2023 Donner Jury<\/span><\/a><\/p>","protected":false},"author":1,"featured_media":3179,"parent":7,"menu_order":0,"comment_status":"closed","ping_status":"closed","template":"","meta":{"footnotes":""},"class_list":["post-4422","page","type-page","status-publish","has-post-thumbnail"],"_links":{"self":[{"href":"https:\/\/donnerbookprize.com\/francais\/wp-json\/wp\/v2\/pages\/4422","targetHints":{"allow":["GET"]}}],"collection":[{"href":"https:\/\/donnerbookprize.com\/francais\/wp-json\/wp\/v2\/pages"}],"about":[{"href":"https:\/\/donnerbookprize.com\/francais\/wp-json\/wp\/v2\/types\/page"}],"author":[{"embeddable":true,"href":"https:\/\/donnerbookprize.com\/francais\/wp-json\/wp\/v2\/users\/1"}],"replies":[{"embeddable":true,"href":"https:\/\/donnerbookprize.com\/francais\/wp-json\/wp\/v2\/comments?post=4422"}],"version-history":[{"count":0,"href":"https:\/\/donnerbookprize.com\/francais\/wp-json\/wp\/v2\/pages\/4422\/revisions"}],"up":[{"embeddable":true,"href":"https:\/\/donnerbookprize.com\/francais\/wp-json\/wp\/v2\/pages\/7"}],"wp:featuredmedia":[{"embeddable":true,"href":"https:\/\/donnerbookprize.com\/francais\/wp-json\/wp\/v2\/media\/3179"}],"wp:attachment":[{"href":"https:\/\/donnerbookprize.com\/francais\/wp-json\/wp\/v2\/media?parent=4422"}],"curies":[{"name":"wp","href":"https:\/\/api.w.org\/{rel}","templated":true}]}}