{"id":4554,"date":"2024-10-17T12:06:52","date_gmt":"2024-10-17T16:06:52","guid":{"rendered":"https:\/\/donnerbookprize.com\/?page_id=4554"},"modified":"2024-10-22T12:26:26","modified_gmt":"2024-10-22T16:26:26","slug":"2024-donner-jury","status":"publish","type":"page","link":"https:\/\/donnerbookprize.com\/francais\/about\/2024-donner-jury\/","title":{"rendered":"2024 Donner Jury"},"content":{"rendered":"<div class=\"wp-block-columns is-layout-flex wp-container-core-columns-is-layout-9d6595d7 wp-block-columns-is-layout-flex\">\n<div class=\"wp-block-column is-layout-flow wp-block-column-is-layout-flow\"><div class=\"wp-block-image custom8c\">\n<figure class=\"alignleft size-medium\"><img loading=\"lazy\" decoding=\"async\" width=\"300\" height=\"300\" src=\"https:\/\/donnerbookprize.com\/wp-content\/uploads\/2024\/10\/AndreBealieu_cropped_1-300x300.jpg\" alt=\"\" class=\"wp-image-4575\" srcset=\"https:\/\/donnerbookprize.com\/wp-content\/uploads\/2024\/10\/AndreBealieu_cropped_1-300x300.jpg 300w, https:\/\/donnerbookprize.com\/wp-content\/uploads\/2024\/10\/AndreBealieu_cropped_1-1024x1022.jpg 1024w, https:\/\/donnerbookprize.com\/wp-content\/uploads\/2024\/10\/AndreBealieu_cropped_1-150x150.jpg 150w, https:\/\/donnerbookprize.com\/wp-content\/uploads\/2024\/10\/AndreBealieu_cropped_1-768x766.jpg 768w, https:\/\/donnerbookprize.com\/wp-content\/uploads\/2024\/10\/AndreBealieu_cropped_1-12x12.jpg 12w, https:\/\/donnerbookprize.com\/wp-content\/uploads\/2024\/10\/AndreBealieu_cropped_1.jpg 1356w\" sizes=\"auto, (max-width: 300px) 100vw, 300px\" \/><\/figure><\/div>\n\n\n<h2 class=\"wp-block-heading has-text-align-left\">Andre Beaulieu<\/h2>\n\n\n\n<h4 style=\"text-align:left;\">Pr\u00e9sidente<\/h4>\n\n\n\n<p class=\"custom7 translation-block\">Depuis 2015, en tant que Premier vice-pr\u00e9sident, Services g\u00e9n\u00e9raux, chez BCE, <strong>Andr\u00e9 Beaulieu<\/strong> est responsable d\u2019un des portefeuilles d\u2019approvisionnements les plus importants du Canada. Il est \u00e0 la t\u00eate de l\u2019\u00e9quipe de Transformation strat\u00e9gique d\u2019entreprises, qui dirige les initiatives de restructuration les plus importantes et l\u2019int\u00e9gration des acquisitions de BCE. Il est \u00e9galement charg\u00e9 des transactions immobili\u00e8res, de la s\u00e9curit\u00e9 de l\u2019entreprise (y compris la cybers\u00e9curit\u00e9) et de la responsabilit\u00e9 d\u2019entreprise (qui inclue les initiatives environnementales, sociales et de gouvernance) pour BCE. <br><br>\nEntre 2012 et 2015, M. Beaulieu a occup\u00e9 le poste de Premier vice-pr\u00e9sident, Service de gros, une unit\u00e9 d\u2019affaires qui g\u00e9n\u00e8re un milliard de dollars, desservant 700 clients dans le domaine des t\u00e9l\u00e9communications dans 180 pays. Au cours de la m\u00eame p\u00e9riode, il a \u00e9t\u00e9 pr\u00e9sident de BCE Nexxia, l\u2019entit\u00e9 qui poss\u00e8de et g\u00e8re le r\u00e9seau de Bell aux \u00c9tats-Unis. Entre 2007 et 2011, M. Beaulieu a occup\u00e9 diff\u00e9rents postes de cadre, notamment celui de vice-pr\u00e9sident de la strat\u00e9gie.<br><br>\nAvant de rejoindre Bell, M. Beaulieu \u00e9tait consultant en strat\u00e9gie chez Kearney (\u00e0 Paris) et Bain &amp; Company (\u00e0 Paris et \u00e0 Boston).  Il a principalement travaill\u00e9 dans le domaine du capital-investissement et de la strat\u00e9gie pour les grandes entreprises sp\u00e9cialis\u00e9es dans la technologie.  Auparavant, il a travaill\u00e9 au Bureau du Conseil priv\u00e9 du gouvernement du Canada et aux Nations Unies.<br><br>\nN\u00e9 \u00e0 Qu\u00e9bec, M. Beaulieu est titulaire d\u2019un baccalaur\u00e9at (avec mention) et d\u2019un baccalaur\u00e9at en droit civil (B.C.L.) et en common law (LL.B.) de l\u2019Universit\u00e9 McGill \u00e0 Montr\u00e9al.  <br><br>\nMembre actif de la communaut\u00e9 depuis son retour \u00e0 Montr\u00e9al en 2007, il si\u00e8ge au conseil d\u2019administration de la Fondation Azrieli, la plus grande fondation publique au Canada qui distribue environ 150 millions de dollars par an, en tant que pr\u00e9sident du comit\u00e9 de v\u00e9rification et de gestion des risques. Il si\u00e8ge \u00e9galement aux conseils d\u2019administration d\u2019Equitas (pr\u00e9sident), de CORIM (membre du comit\u00e9 de direction), de la Fondation de l\u2019H\u00f4pital de Montr\u00e9al pour enfants (membre du comit\u00e9 de direction) et du Forum des politiques publiques (pr\u00e9sident du comit\u00e9 des finances et de v\u00e9rification). Il est cofondateur du Forum de Banff.<\/p>\n\n\n\n<hr class=\"wp-block-separator has-css-opacity is-style-wide\"\/>\n<\/div>\n<\/div>\n\n\n\n<div class=\"wp-block-columns is-layout-flex wp-container-core-columns-is-layout-9d6595d7 wp-block-columns-is-layout-flex\">\n<div class=\"wp-block-column is-layout-flow wp-block-column-is-layout-flow\"><div class=\"wp-block-image custom8c\">\n<figure class=\"alignleft size-medium\"><img loading=\"lazy\" decoding=\"async\" width=\"300\" height=\"232\" src=\"https:\/\/donnerbookprize.com\/wp-content\/uploads\/2023\/09\/Neil-Desai-Headshot-with-Tie-300x232.jpg\" alt=\"\" class=\"wp-image-4425\" srcset=\"https:\/\/donnerbookprize.com\/wp-content\/uploads\/2023\/09\/Neil-Desai-Headshot-with-Tie-300x232.jpg 300w, https:\/\/donnerbookprize.com\/wp-content\/uploads\/2023\/09\/Neil-Desai-Headshot-with-Tie-1024x791.jpg 1024w, https:\/\/donnerbookprize.com\/wp-content\/uploads\/2023\/09\/Neil-Desai-Headshot-with-Tie-768x593.jpg 768w, https:\/\/donnerbookprize.com\/wp-content\/uploads\/2023\/09\/Neil-Desai-Headshot-with-Tie-1536x1187.jpg 1536w, https:\/\/donnerbookprize.com\/wp-content\/uploads\/2023\/09\/Neil-Desai-Headshot-with-Tie-2048x1583.jpg 2048w, https:\/\/donnerbookprize.com\/wp-content\/uploads\/2023\/09\/Neil-Desai-Headshot-with-Tie-16x12.jpg 16w\" sizes=\"auto, (max-width: 300px) 100vw, 300px\" \/><\/figure><\/div>\n\n\n<h2 class=\"wp-block-heading has-text-align-left\">Neil Desai<\/h2>\n\n\n\n<p class=\"custom7 translation-block\"><strong>Neil Desai<\/strong> est vice-pr\u00e9sident \u00e0 la direction chez Viral Nation, o\u00f9 il est sp\u00e9cialis\u00e9 dans la commercialisation des solutions technologiques de l\u2019entreprise aupr\u00e8s de clients en entreprise et au sein du gouvernement.<br><br>\n\nM. Desai est agr\u00e9g\u00e9 sup\u00e9rieur de recherches pour le Centre pour l\u2019innovation dans la gouvernance internationale et entrepreneur en r\u00e9sidence pour Rogers Cyber Catalyst. Il apporte des contributions r\u00e9guli\u00e8res aux r\u00e9seaux de nouvelles du Globe and Mail et de la Soci\u00e9t\u00e9 Radio-Canada (Canadian Broadcasting Corporation, CBC). Neil Desai fait \u00e9galement partie du Conseil d\u2019administration du Forum des politiques publiques, de la Commission des alcools et des jeux de l\u2019Ontario, du Collectif d\u2019actifs en innovation (CAI), de ClearRisk Inc. et il a \u00e9t\u00e9 directeur de YMCA Canada. Il a par le pass\u00e9 occup\u00e9 des postes de direction au sein du gouvernement du Canada, pour Affaires mondiales Canada et pour le Cabinet du Premier ministre.<br><br>\n\nAvant de travailler pour Viral Nation, il faisait partie de l\u2019\u00e9quipe de direction de Magnet Forensics, une entreprise technologique qui d\u00e9veloppe des solutions d\u2019investigation num\u00e9rique utilis\u00e9es par plus de 4 000 organismes de police et de s\u00e9curit\u00e9 nationale et organismes publics et priv\u00e9s dans plus de 100 pays pour enqu\u00eater sur des crimes tels que la traite d\u2019\u00eatres humains, l\u2019exploitation de mineurs, le terrorisme et le d\u00e9veloppement de ran\u00e7ongiciels.<\/p>\n\n\n\n<hr class=\"wp-block-separator has-css-opacity is-style-wide\"\/>\n<\/div>\n<\/div>\n\n\n\n<div class=\"wp-block-columns is-layout-flex wp-container-core-columns-is-layout-9d6595d7 wp-block-columns-is-layout-flex\">\n<div class=\"wp-block-column is-layout-flow wp-block-column-is-layout-flow\"><div class=\"wp-block-image custom8c\">\n<figure class=\"alignleft size-medium\"><img loading=\"lazy\" decoding=\"async\" width=\"286\" height=\"300\" src=\"https:\/\/donnerbookprize.com\/wp-content\/uploads\/2024\/10\/Antonia-Maioni-2023_cropped_2-286x300.jpg\" alt=\"\" class=\"wp-image-4573\" srcset=\"https:\/\/donnerbookprize.com\/wp-content\/uploads\/2024\/10\/Antonia-Maioni-2023_cropped_2-286x300.jpg 286w, https:\/\/donnerbookprize.com\/wp-content\/uploads\/2024\/10\/Antonia-Maioni-2023_cropped_2-11x12.jpg 11w, https:\/\/donnerbookprize.com\/wp-content\/uploads\/2024\/10\/Antonia-Maioni-2023_cropped_2.jpg 533w\" sizes=\"auto, (max-width: 286px) 100vw, 286px\" \/><\/figure><\/div>\n\n\n<h2 class=\"wp-block-heading has-text-align-left\"><strong>Antonia Maioni<\/strong><\/h2>\n\n\n\n<p class=\"custom7 translation-block\"><strong>Antonia Maioni<\/strong> est professeure \u00e0 l\u2019\u00c9cole de sant\u00e9 des populations et de sant\u00e9 mondiale de l\u2019Universit\u00e9 McGill. Elle est actuellement professeure invit\u00e9e William Lyon Mackenzie King \u00e0 l\u2019Universit\u00e9 Harvard pour l\u2019ann\u00e9e universitaire 2023-2024, o\u00f9 elle est membre du programme canadien au Weatherhead Center for International Affairs. Auparavant, elle a \u00e9t\u00e9 doyenne de la Facult\u00e9 des arts de l\u2019Universit\u00e9 McGill, vice-pr\u00e9sidente associ\u00e9e \u00e0 la recherche et aux relations internationales et directrice de l\u2019Institut d\u2019\u00e9tudes canadiennes de McGill (2001 \u00e0 2011).  Elle a \u00e9galement \u00e9t\u00e9 pr\u00e9sidente de la F\u00e9d\u00e9ration canadienne des sciences humaines, membre du conseil d\u2019administration de l\u2019Institut canadien de recherches avanc\u00e9es et de l\u2019Institut de recherche en politiques publiques, membre de l\u2019\u00e9quipe de direction du Forum de Banff, mentore du programme Action Canada et boursi\u00e8re de la Fondation Pierre Elliott Trudeau. Parlant couramment l\u2019anglais et le fran\u00e7ais, elle a une grande exp\u00e9rience des m\u00e9dias locaux, nationaux et internationaux.<br><br>\n \nElle est titulaire d\u2019un baccalaur\u00e9at de l\u2019Universit\u00e9 Laval, d\u2019une ma\u00eetrise de la Norman Paterson School of International Affairs de l\u2019Universit\u00e9 Carleton et d\u2019un doctorat en sciences politiques de l\u2019Universit\u00e9 Northwestern.<\/p>\n\n\n\n<hr class=\"wp-block-separator has-css-opacity is-style-wide\"\/>\n<\/div>\n<\/div>\n\n\n\n<div class=\"wp-block-columns is-layout-flex wp-container-core-columns-is-layout-9d6595d7 wp-block-columns-is-layout-flex\">\n<div class=\"wp-block-column is-layout-flow wp-block-column-is-layout-flow\"><div class=\"wp-block-image custom8c\">\n<figure class=\"alignleft size-full\"><img loading=\"lazy\" decoding=\"async\" width=\"300\" height=\"300\" src=\"https:\/\/donnerbookprize.com\/wp-content\/uploads\/2022\/11\/Jack-Mintz_resize-1.jpg\" alt=\"\" class=\"wp-image-4232\" srcset=\"https:\/\/donnerbookprize.com\/wp-content\/uploads\/2022\/11\/Jack-Mintz_resize-1.jpg 300w, https:\/\/donnerbookprize.com\/wp-content\/uploads\/2022\/11\/Jack-Mintz_resize-1-150x150.jpg 150w, https:\/\/donnerbookprize.com\/wp-content\/uploads\/2022\/11\/Jack-Mintz_resize-1-12x12.jpg 12w\" sizes=\"auto, (max-width: 300px) 100vw, 300px\" \/><\/figure><\/div>\n\n\n<h2 class=\"wp-block-heading has-text-align-left\">Jack M. Mintz<\/h2>\n\n\n\n<p class=\"custom7 translation-block\"><strong>Jack M. Mintz<\/strong> a \u00e9t\u00e9 nomm\u00e9 President\u2019s Fellow de la School of Public Policy de l\u2019Universit\u00e9 de Calgary, apr\u00e8s avoir \u00e9t\u00e9 directeur fondateur de cette \u00e9cole et titulaire de la chaire Palmer du 1er janvier 2008 au 30 juin 2015. Il si\u00e8ge aux conseils d\u2019administration de Mackenzie Health, de la Canada West Foundation et de la Aristotle Foundation for Public Policy. Il est \u00e9galement agr\u00e9g\u00e9 sup\u00e9rieur de recherches aupr\u00e8s de nombreux groupes de r\u00e9flexion, dont l\u2019Institut C. D. Howe, l\u2019Institut MacDonald-Laurier, CESIfo (Allemagne) et l\u2019International Tax and Investment Centre de Washington.<br><br>\n\nJack Mintz a \u00e9galement si\u00e9g\u00e9 \u00e0 de nombreux groupes d\u2019experts, conseils d\u2019administration et organismes f\u00e9d\u00e9raux et provinciaux. Il a notamment \u00e9t\u00e9 nomm\u00e9 \u00e0 la vice-pr\u00e9sidence et \u00e0 la pr\u00e9sidence du Conseil de recherches en sciences humaines de 2012 \u00e0 2018. Il a \u00e9t\u00e9 consultant aupr\u00e8s de la Banque mondiale, du Fonds mon\u00e9taire international, de l\u2019Organisation de coop\u00e9ration et de d\u00e9veloppement \u00e9conomiques, du gouvernement f\u00e9d\u00e9ral et de gouvernements provinciaux du Canada, ainsi que de diverses entreprises et organismes \u00e0 but non lucratif au Canada et \u00e0 l\u2019\u00e9tranger.<br><br>\n\nJack Mintz a \u00e9t\u00e9 investi du titre de membre de l\u2019Ordre du Canada en 2015 et a re\u00e7u la M\u00e9daille du jubil\u00e9 de diamant de la reine Elizabeth II en 2012 pour services rendus au milieu canadien des sp\u00e9cialistes de la politique fiscale. Il a \u00e9galement re\u00e7u la M\u00e9daille du jubil\u00e9 de platine de la reine Elizabeth II en 2022 pour avoir pr\u00e9sid\u00e9 le Conseil de relance \u00e9conomique du Premier ministre de l\u2019Alberta. Son livre Most Favoured Nation, publi\u00e9 en 2001, a \u00e9t\u00e9 finaliste du prix Donner et du prix Purvis pour le meilleur ouvrage de politique \u00e9conomique.<\/p>\n\n\n\n<p class=\"custom7\"><\/p>\n\n\n\n<hr class=\"wp-block-separator has-css-opacity is-style-wide\"\/>\n<\/div>\n<\/div>\n\n\n\n<div class=\"wp-block-columns is-layout-flex wp-container-core-columns-is-layout-9d6595d7 wp-block-columns-is-layout-flex\">\n<div class=\"wp-block-column is-layout-flow wp-block-column-is-layout-flow\"><div class=\"wp-block-image custom8c\">\n<figure class=\"alignleft size-medium\"><img loading=\"lazy\" decoding=\"async\" width=\"300\" height=\"300\" src=\"https:\/\/donnerbookprize.com\/wp-content\/uploads\/2022\/11\/Maureen_ONeil_-_Square.original-300x300.jpg\" alt=\"\" class=\"wp-image-4216\" srcset=\"https:\/\/donnerbookprize.com\/wp-content\/uploads\/2022\/11\/Maureen_ONeil_-_Square.original-300x300.jpg 300w, https:\/\/donnerbookprize.com\/wp-content\/uploads\/2022\/11\/Maureen_ONeil_-_Square.original-150x150.jpg 150w, https:\/\/donnerbookprize.com\/wp-content\/uploads\/2022\/11\/Maureen_ONeil_-_Square.original-768x768.jpg 768w, https:\/\/donnerbookprize.com\/wp-content\/uploads\/2022\/11\/Maureen_ONeil_-_Square.original-12x12.jpg 12w, https:\/\/donnerbookprize.com\/wp-content\/uploads\/2022\/11\/Maureen_ONeil_-_Square.original.jpg 800w\" sizes=\"auto, (max-width: 300px) 100vw, 300px\" \/><\/figure><\/div>\n\n\n<h2 class=\"wp-block-heading has-text-align-left\"><strong>Maureen O\u2019Neil<\/strong><\/h2>\n\n\n\n<p class=\"custom7 translation-block\"><strong>Maureen O\u2019Neil<\/strong> pr\u00e9side le conseil d\u2019administration de WaterAid International et est membre des conseils d\u2019administration du Centre pour l\u2019innovation dans la gouvernance internationale et du Centre d\u2019\u00e9tude des niveaux de vie.<br><br>\n\nElle a auparavant si\u00e9g\u00e9 au conseil d\u2019administration de cyberSant\u00e9 Ontario et de la Fondation canadienne pour l\u2019am\u00e9lioration des services de sant\u00e9 (FCASS). Elle a \u00e9galement \u00e9t\u00e9 pr\u00e9sidente du Centre de recherches pour le d\u00e9veloppement international et sous-ministre de la citoyennet\u00e9 du gouvernement de l\u2019Ontario.<br><br>\n\nMaureen O\u2019Neil a \u00e9t\u00e9 pr\u00e9sidente du conseil d\u2019administration de l\u2019Institut de recherche des Nations Unies pour le d\u00e9veloppement social (UNRISD), de l\u2019Institut international pour l\u2019environnement et le d\u00e9veloppement, et de l\u2019Universit\u00e9 Carleton. Elle a aussi \u00e9t\u00e9 pr\u00e9sidente du Centre de recherches pour le d\u00e9veloppement international, de l\u2019Initiative Think tank du CRDI et sous-ministre de la citoyennet\u00e9 du gouvernement de l\u2019Ontario.<br><br>\n\nElle a \u00e9galement repr\u00e9sent\u00e9 le Canada \u00e0 la Commission de la condition de la femme des Nations Unies et \u00e0 des comit\u00e9s de l\u2019Organisation de coop\u00e9ration et de d\u00e9veloppement \u00e9conomiques. Elle a \u00e9t\u00e9 membre du Comit\u00e9 de la planification du d\u00e9veloppement des Nations Unies et du conseil d\u2019administration de l\u2019UNRISD.<br><br>\n\nMme O\u2019Neil est titulaire de doctorats honorifiques des universit\u00e9s Wilfrid Laurier, Carleton et d\u2019Ottawa. En juin 2011, Mme O\u2019Neil a \u00e9t\u00e9 nomm\u00e9e offici\u00e8re de l\u2019Ordre du Canada dans le secteur de la fonction publique en reconnaissance de sa contribution au d\u00e9veloppement international, \u00e0 l\u2019\u00e9galit\u00e9 des sexes et aux droits de la personne.<\/p>\n\n\n\n<hr class=\"wp-block-separator has-css-opacity is-style-wide\"\/>\n<\/div>\n<\/div>\n\n\n\n<div class=\"wp-block-columns is-layout-flex wp-container-core-columns-is-layout-9d6595d7 wp-block-columns-is-layout-flex\">\n<div class=\"wp-block-column is-layout-flow wp-block-column-is-layout-flow\"><div class=\"wp-block-image custom8c\">\n<figure class=\"alignleft size-large\"><img loading=\"lazy\" decoding=\"async\" width=\"309\" height=\"265\" src=\"https:\/\/donnerbookprize.com\/wp-content\/uploads\/2021\/09\/FredWien_309x265.jpg\" alt=\"\" class=\"wp-image-3877\" srcset=\"https:\/\/donnerbookprize.com\/wp-content\/uploads\/2021\/09\/FredWien_309x265.jpg 309w, https:\/\/donnerbookprize.com\/wp-content\/uploads\/2021\/09\/FredWien_309x265-300x257.jpg 300w\" sizes=\"auto, (max-width: 309px) 100vw, 309px\" \/><\/figure><\/div>\n\n\n<h2 class=\"wp-block-heading has-text-align-left\">Frederick Wien<\/h2>\n\n\n\n<p class=\"custom7 translation-block\">Fred Wien a occup\u00e9 le poste de directeur de l\u2019\u00c9cole maritime de travail social \u00e0 l\u2019Universit\u00e9 Dalhousie de 1981 \u00e0 1986, puis a \u00e9t\u00e9 sous-directeur de la recherche \u00e0 la Commission royale sur les peuples autochtones, dirigeant le programme de recherche sur l\u2019emploi et le d\u00e9veloppement \u00e9conomique.<br><br>\n\nAu plan national, il a \u00e9t\u00e9 membre et tenu le r\u00f4le de pr\u00e9sident de la Commission consultative pour l\u2019Institut de la sant\u00e9 des Autochtones (ISA\/IRSC). Ces derni\u00e8res ann\u00e9es, il a \u00e9t\u00e9 nomm\u00e9 investigateur principal pour une bourse de recherche majeure de l\u2019IRSC pour le projet : \u00ab A Poverty Reduction Approach to Improving the Health and Well-being of First Nation Communities in Canada \u00bb (Une approche \u00e0 la r\u00e9duction de la pauvret\u00e9 visant \u00e0 am\u00e9liorer la sant\u00e9 et le bien-\u00eatre des communaut\u00e9s des Premi\u00e8res Nations au Canada), de m\u00eame que pour un projet financ\u00e9 par l\u2019IRSC portant sur l\u2019\u00e9tablissement d\u2019un cadre de politiques sociales pour la sant\u00e9 et le bien-\u00eatre des communaut\u00e9s Mi\u2019kmaq en Nouvelle-\u00c9cosse (\u00ab Building a Social Policy Framework for the Health and Well-being of Mi\u2019kmaq Communities in Nova Scotia \u00bb). Sa publication la plus r\u00e9cente est l\u2019ouvrage Contested Waters: The Struggle for Rights and Reconciliation in the Atlantic Fishery.<br><br>\n\nDipl\u00f4m\u00e9 de l\u2019Universit\u00e9 Queen\u2019s avec une ma\u00eetrise et un doctorat de l\u2019Universit\u00e9 Cornell, M. Wien a \u00e9t\u00e9 nomm\u00e9 Membre de l\u2019Ordre du Canada en 2015.<\/p>\n\n\n\n<hr class=\"wp-block-separator has-css-opacity is-style-wide\"\/>\n<\/div>\n<\/div>\n\n\n\n<div style=\"height:10px\" aria-hidden=\"true\" class=\"wp-block-spacer\"><\/div>\n\n\n\n<div style=\"height:10px\" aria-hidden=\"true\" class=\"wp-block-spacer\"><\/div>","protected":false},"excerpt":{"rendered":"<p>Andre Beaulieu CHAIR Since 2015, as Senior Vice-President, Corporate Services for BCE,&nbsp;Andr\u00e9 Beaulieu&nbsp;has been responsible for one of the largest procurement portfolios in Canada, and the Strategic Business Transformation team which leads all major restructuring initiatives as well as the integration of BCE acquisitions. He is also in charge of Real Estate operations, Corporate Security &#8230; <a title=\"2024 Donner Jury\" class=\"read-more\" href=\"https:\/\/donnerbookprize.com\/francais\/about\/2024-donner-jury\/\">Read more<span class=\"screen-reader-text\">2024 Donner Jury<\/span><\/a><\/p>","protected":false},"author":1,"featured_media":3179,"parent":7,"menu_order":0,"comment_status":"closed","ping_status":"closed","template":"","meta":{"footnotes":""},"class_list":["post-4554","page","type-page","status-publish","has-post-thumbnail"],"_links":{"self":[{"href":"https:\/\/donnerbookprize.com\/francais\/wp-json\/wp\/v2\/pages\/4554","targetHints":{"allow":["GET"]}}],"collection":[{"href":"https:\/\/donnerbookprize.com\/francais\/wp-json\/wp\/v2\/pages"}],"about":[{"href":"https:\/\/donnerbookprize.com\/francais\/wp-json\/wp\/v2\/types\/page"}],"author":[{"embeddable":true,"href":"https:\/\/donnerbookprize.com\/francais\/wp-json\/wp\/v2\/users\/1"}],"replies":[{"embeddable":true,"href":"https:\/\/donnerbookprize.com\/francais\/wp-json\/wp\/v2\/comments?post=4554"}],"version-history":[{"count":0,"href":"https:\/\/donnerbookprize.com\/francais\/wp-json\/wp\/v2\/pages\/4554\/revisions"}],"up":[{"embeddable":true,"href":"https:\/\/donnerbookprize.com\/francais\/wp-json\/wp\/v2\/pages\/7"}],"wp:featuredmedia":[{"embeddable":true,"href":"https:\/\/donnerbookprize.com\/francais\/wp-json\/wp\/v2\/media\/3179"}],"wp:attachment":[{"href":"https:\/\/donnerbookprize.com\/francais\/wp-json\/wp\/v2\/media?parent=4554"}],"curies":[{"name":"wp","href":"https:\/\/api.w.org\/{rel}","templated":true}]}}